{"id":1417,"date":"2026-06-25T17:48:18","date_gmt":"2026-06-25T17:48:18","guid":{"rendered":"https:\/\/acyacn-racaej.ca\/?page_id=1417"},"modified":"2026-09-03T15:05:34","modified_gmt":"2026-09-03T15:05:34","slug":"2026-conference","status":"publish","type":"page","link":"https:\/\/acyacn-racaej.ca\/fr\/2026-conference\/","title":{"rendered":"2026 Atlantic Multidisciplinary Conference"},"content":{"rendered":"<div data-elementor-type=\"wp-page\" data-elementor-id=\"1417\" class=\"elementor elementor-1417\" data-elementor-post-type=\"page\">\n\t\t\t\t<div class=\"elementor-element elementor-element-0096306 e-ecs-flex e-flex e-con-boxed e-con e-parent\" data-id=\"0096306\" data-element_type=\"container\" data-e-type=\"container\" data-settings=\"{&quot;ecs_container_type&quot;:&quot;flex&quot;}\">\n\t\t\t\t\t<div class=\"e-con-inner\">\n\t\t\t\t\t<\/div>\n\t\t\t\t<\/div>\n\t\t<div data-dce-background-image-url=\"http:\/\/138.197.131.163\/wp-content\/uploads\/2025\/03\/Group-273.svg\" class=\"elementor-element elementor-element-4e44cfa4 e-ecs-flex e-flex e-con-boxed e-con e-parent\" data-id=\"4e44cfa4\" data-element_type=\"container\" data-e-type=\"container\" data-settings=\"{&quot;background_background&quot;:&quot;classic&quot;,&quot;ecs_container_type&quot;:&quot;flex&quot;}\">\n\t\t\t\t\t<div class=\"e-con-inner\">\n\t\t<div class=\"elementor-element elementor-element-6f81307 e-ecs-flex e-flex e-con-boxed e-con e-child\" data-id=\"6f81307\" data-element_type=\"container\" data-e-type=\"container\" data-settings=\"{&quot;ecs_container_type&quot;:&quot;flex&quot;}\">\n\t\t\t\t\t<div class=\"e-con-inner\">\n\t\t<!-- dce invisible element f801b19 -->\t\t<div class=\"elementor-element elementor-element-64fef8f elementor-align-center elementor-widget elementor-widget-button\" data-id=\"64fef8f\" data-element_type=\"widget\" data-e-type=\"widget\" data-widget_type=\"button.default\">\n\t\t\t\t<div class=\"elementor-widget-container\">\n\t\t\t\t\t\t\t\t\t<div class=\"elementor-button-wrapper\">\n\t\t\t\t\t<a class=\"elementor-button elementor-button-link elementor-size-sm\" href=\"https:\/\/www.eventbrite.com\/e\/2026-atlantic-cyac-multidisciplinary-conference-tickets-1998923017555\" target=\"_blank\">\n\t\t\t\t\t\t<span class=\"elementor-button-content-wrapper\">\n\t\t\t\t\t\t\t\t\t<span class=\"elementor-button-text\">INSCRIVEZ-VOUS<\/span>\n\t\t\t\t\t<\/span>\n\t\t\t\t\t<\/a>\n\t\t\t\t<\/div>\n\t\t\t\t\t\t\t\t<\/div>\n\t\t\t\t<\/div>\n\t\t\t\t<div class=\"elementor-element elementor-element-a796380 elementor-widget elementor-widget-spacer\" data-id=\"a796380\" data-element_type=\"widget\" data-e-type=\"widget\" data-widget_type=\"spacer.default\">\n\t\t\t\t<div class=\"elementor-widget-container\">\n\t\t\t\t\t\t\t<div class=\"elementor-spacer\">\n\t\t\t<div class=\"elementor-spacer-inner\"><\/div>\n\t\t<\/div>\n\t\t\t\t\t\t<\/div>\n\t\t\t\t<\/div>\n\t\t\t\t<div class=\"elementor-element elementor-element-e94245e elementor-widget elementor-widget-heading\" data-id=\"e94245e\" data-element_type=\"widget\" data-e-type=\"widget\" data-widget_type=\"heading.default\">\n\t\t\t\t<div class=\"elementor-widget-container\">\n\t\t\t\t\t<h1 class=\"elementor-heading-title elementor-size-default translation-block\">Conf\u00e9rence multidisciplinaire<br>2026 des CAEJ de l\u2019Atlantique<\/h1>\t\t\t\t<\/div>\n\t\t\t\t<\/div>\n\t\t\t\t<div class=\"elementor-element elementor-element-a38818b elementor-widget elementor-widget-spacer\" data-id=\"a38818b\" data-element_type=\"widget\" data-e-type=\"widget\" data-widget_type=\"spacer.default\">\n\t\t\t\t<div class=\"elementor-widget-container\">\n\t\t\t\t\t\t\t<div class=\"elementor-spacer\">\n\t\t\t<div class=\"elementor-spacer-inner\"><\/div>\n\t\t<\/div>\n\t\t\t\t\t\t<\/div>\n\t\t\t\t<\/div>\n\t\t\t\t<div class=\"elementor-element elementor-element-106138c elementor-widget elementor-widget-text-editor\" data-id=\"106138c\" data-element_type=\"widget\" data-e-type=\"widget\" data-widget_type=\"text-editor.default\">\n\t\t\t\t<div class=\"elementor-widget-container\">\n\t\t\t\t\t\t\t\t\t<h4><b>Mardi 6 octobre 2026<\/b><\/h4><h5><strong><a href=\"https:\/\/www.google.com\/maps\/place\/delta+halifax+hotel\/data=!4m2!3m1!1s0x4b5a23d223f5b4f3:0x43deb4ae311f8841?sa=X&amp;ved=1t:242&amp;ictx=111\"><span style=\"color: #ffffff;\">H\u00f4tel Delta Halifax<\/span><\/a><\/strong><\/h5><h5><strong>Halifax, N.-\u00c9.<\/strong><\/h5><p>Hybride (en pr\u00e9sentiel et en virtuel)<\/p>\t\t\t\t\t\t\t\t<\/div>\n\t\t\t\t<\/div>\n\t\t\t\t\t<\/div>\n\t\t\t\t<\/div>\n\t\t\t\t\t<\/div>\n\t\t\t\t<\/div>\n\t\t<div class=\"elementor-element elementor-element-1dcd5307 e-con-full e-ecs-flex e-flex e-con e-parent\" data-id=\"1dcd5307\" data-element_type=\"container\" data-e-type=\"container\" data-settings=\"{&quot;ecs_container_type&quot;:&quot;flex&quot;}\">\n\t\t<div class=\"elementor-element elementor-element-79678ef2 e-con-full e-ecs-flex e-flex e-con e-child\" data-id=\"79678ef2\" data-element_type=\"container\" data-e-type=\"container\" data-settings=\"{&quot;ecs_container_type&quot;:&quot;flex&quot;}\">\n\t\t<div class=\"elementor-element elementor-element-3d374f3f e-con-full e-ecs-flex e-flex e-con e-child\" data-id=\"3d374f3f\" data-element_type=\"container\" data-e-type=\"container\" data-settings=\"{&quot;background_background&quot;:&quot;classic&quot;,&quot;ecs_container_type&quot;:&quot;flex&quot;}\">\n\t\t\t\t<div class=\"elementor-element elementor-element-6b67e446 dce_masking-none elementor-widget elementor-widget-image\" data-id=\"6b67e446\" data-element_type=\"widget\" data-e-type=\"widget\" data-widget_type=\"image.default\">\n\t\t\t\t<div class=\"elementor-widget-container\">\n\t\t\t\t\t\t\t\t\t\t\t\t\t\t\t<img decoding=\"async\" width=\"150\" height=\"150\" src=\"https:\/\/acyacn-racaej.ca\/wp-content\/uploads\/2025\/03\/Layer_1-3.svg\" class=\"attachment-thumbnail size-thumbnail wp-image-383\" alt=\"\" \/>\t\t\t\t\t\t\t\t\t\t\t\t\t\t\t<\/div>\n\t\t\t\t<\/div>\n\t\t\t\t<div class=\"elementor-element elementor-element-0ced13e elementor-widget elementor-widget-text-editor\" data-id=\"0ced13e\" data-element_type=\"widget\" data-e-type=\"widget\" data-widget_type=\"text-editor.default\">\n\t\t\t\t<div class=\"elementor-widget-container\">\n\t\t\t\t\t\t\t\t\t<h5><span style=\"color: #000000;\"><b>Le R\u00e9seau des CAEJ de l\u2019Atlantique est heureux de vous accueillir \u00e0 Halifax, en Nouvelle-\u00c9cosse, \u00e0 l\u2019occasion de sa conf\u00e9rence multidisciplinaire annuelle!<\/b><\/span><\/h5>\t\t\t\t\t\t\t\t<\/div>\n\t\t\t\t<\/div>\n\t\t\t\t<div class=\"elementor-element elementor-element-259eb288 elementor-widget-divider--view-line elementor-widget elementor-widget-divider\" data-id=\"259eb288\" data-element_type=\"widget\" data-e-type=\"widget\" data-widget_type=\"divider.default\">\n\t\t\t\t<div class=\"elementor-widget-container\">\n\t\t\t\t\t\t\t<div class=\"elementor-divider\">\n\t\t\t<span class=\"elementor-divider-separator\">\n\t\t\t\t\t\t<\/span>\n\t\t<\/div>\n\t\t\t\t\t\t<\/div>\n\t\t\t\t<\/div>\n\t\t\t\t<div class=\"elementor-element elementor-element-984396 elementor-widget elementor-widget-text-editor\" data-id=\"984396\" data-element_type=\"widget\" data-e-type=\"widget\" data-widget_type=\"text-editor.default\">\n\t\t\t\t<div class=\"elementor-widget-container\">\n\t\t\t\t\t\t\t\t\t<p class=\"translation-block\">Le <b>R\u00e9seau des CAEJ de l\u2019Atlantique<\/b> rassemble des centres d\u2019appui aux enfants et \u00e0 la jeunesse et de nombreux partenaires multidisciplinaires dans le but de tisser des liens, d\u2019\u00e9changer des connaissances et d\u2019am\u00e9liorer les pratiques d\u2019intervention aupr\u00e8s des enfants maltrait\u00e9s.<\/p><p>Cette conf\u00e9rence s\u2019adresse aux professionnels des provinces de l\u2019Atlantique qui interviennent dans les situations de violence et de maltraitance envers les enfants et les jeunes, ainsi qu\u2019aux partenaires multidisciplinaires qui collaborent avec les centres d\u2019appui aux enfants et \u00e0 la jeunesse.<\/p><p><b>Venez participer \u00e0 une formidable journ\u00e9e d\u2019apprentissage et de r\u00e9seautage avec des coll\u00e8gues des services de protection de l\u2019enfance, des forces de l\u2019ordre, du minist\u00e8re de la Justice, des services d\u2019aide aux victimes, du secteur de la sant\u00e9, de la sant\u00e9 mentale et d\u2019autres domaines.<\/b><b><\/b><\/p>\t\t\t\t\t\t\t\t<\/div>\n\t\t\t\t<\/div>\n\t\t\t\t<\/div>\n\t\t\t\t<div class=\"elementor-element elementor-element-72ebe84 elementor-widget elementor-widget-spacer\" data-id=\"72ebe84\" data-element_type=\"widget\" data-e-type=\"widget\" data-widget_type=\"spacer.default\">\n\t\t\t\t<div class=\"elementor-widget-container\">\n\t\t\t\t\t\t\t<div class=\"elementor-spacer\">\n\t\t\t<div class=\"elementor-spacer-inner\"><\/div>\n\t\t<\/div>\n\t\t\t\t\t\t<\/div>\n\t\t\t\t<\/div>\n\t\t<div data-dce-background-color=\"#DFE8EB\" class=\"elementor-element elementor-element-748b716 e-con-full e-ecs-flex e-flex e-con e-child\" data-id=\"748b716\" data-element_type=\"container\" data-e-type=\"container\" data-settings=\"{&quot;background_background&quot;:&quot;classic&quot;,&quot;ecs_container_type&quot;:&quot;flex&quot;}\">\n\t\t\t\t<div class=\"elementor-element elementor-element-cd797fc elementor-widget__width-inherit elementor-widget elementor-widget-text-editor\" data-id=\"cd797fc\" data-element_type=\"widget\" data-e-type=\"widget\" data-widget_type=\"text-editor.default\">\n\t\t\t\t<div class=\"elementor-widget-container\">\n\t\t\t\t\t\t\t\t\t<h4 style=\"text-align: center;\"><span style=\"color: #44546a;\"><b>S\u00c9ANCES DE LA CONF\u00c9RENCE<\/b><\/span><\/h4>\t\t\t\t\t\t\t\t<\/div>\n\t\t\t\t<\/div>\n\t\t<div data-dce-background-color=\"#F1F5F6\" class=\"elementor-element elementor-element-0f554c5 e-con-full e-ecs-flex e-flex e-con e-child\" data-id=\"0f554c5\" data-element_type=\"container\" data-e-type=\"container\" data-settings=\"{&quot;background_background&quot;:&quot;classic&quot;,&quot;ecs_container_type&quot;:&quot;flex&quot;}\">\n\t\t\t\t<div class=\"elementor-element elementor-element-c271a02 elementor-widget elementor-widget-heading\" data-id=\"c271a02\" data-element_type=\"widget\" data-e-type=\"widget\" data-widget_type=\"heading.default\">\n\t\t\t\t<div class=\"elementor-widget-container\">\n\t\t\t\t\t<h3 class=\"elementor-heading-title elementor-size-default\">Cynthia Ashe<\/h3>\t\t\t\t<\/div>\n\t\t\t\t<\/div>\n\t\t\t\t<div class=\"elementor-element elementor-element-0c9ebf3 elementor-widget__width-inherit elementor-widget elementor-widget-text-editor\" data-id=\"0c9ebf3\" data-element_type=\"widget\" data-e-type=\"widget\" data-widget_type=\"text-editor.default\">\n\t\t\t\t<div class=\"elementor-widget-container\">\n\t\t\t\t\t\t\t\t\t<p><span style=\"font-size: 15px; color: #6c8c9a;\">Directrice g\u00e9n\u00e9rale, Canadian Child Forensic Interview Practice Association<\/span><br \/><br \/><strong><span style=\"font-size: 22px; color: #44546a;\">De la r\u00e9action \u00e0 l\u2019intervention : la collaboration interorganismes dans les enqu\u00eates sur les mauvais traitements inflig\u00e9s aux enfants<\/span><\/strong><\/p>\t\t\t\t\t\t\t\t<\/div>\n\t\t\t\t<\/div>\n\t\t\t\t<div class=\"elementor-element elementor-element-b8f9dbd elementor-widget elementor-widget-n-accordion\" data-id=\"b8f9dbd\" data-element_type=\"widget\" data-e-type=\"widget\" data-settings=\"{&quot;default_state&quot;:&quot;all_collapsed&quot;,&quot;max_items_expended&quot;:&quot;multiple&quot;,&quot;n_accordion_animation_duration&quot;:{&quot;unit&quot;:&quot;ms&quot;,&quot;size&quot;:400,&quot;sizes&quot;:[]}}\" data-widget_type=\"nested-accordion.default\">\n\t\t\t\t<div class=\"elementor-widget-container\">\n\t\t\t\t\t\t\t<div class=\"e-n-accordion\" aria-label=\"Accordion. Open links with Enter or Space, close with Escape, and navigate with Arrow Keys\">\n\t\t\t\t\t\t<details id=\"e-n-accordion-item-1930\" class=\"e-n-accordion-item\" >\n\t\t\t\t<summary class=\"e-n-accordion-item-title\" data-accordion-index=\"1\" tabindex=\"0\" aria-expanded=\"false\" aria-controls=\"e-n-accordion-item-1930\" >\n\t\t\t\t\t<span class='e-n-accordion-item-title-header'><p class=\"e-n-accordion-item-title-text\"> <span style=\"color: #44546a;font-size: 14px\">Description de la conf\u00e9rence principale<\/span> <\/p><\/span>\n\t\t\t\t\t\t\t<span class='e-n-accordion-item-title-icon'>\n\t\t\t<span class='e-opened' ><i aria-hidden=\"true\" class=\"icon icon-down-arrow1\"><\/i><\/span>\n\t\t\t<span class='e-closed'><i aria-hidden=\"true\" class=\"icon icon-right-arrow1\"><\/i><\/span>\n\t\t<\/span>\n\n\t\t\t\t\t\t<\/summary>\n\t\t\t\t<div role=\"region\" aria-labelledby=\"e-n-accordion-item-1930\" class=\"elementor-element elementor-element-4f4a13f e-con-full e-ecs-flex e-flex e-con e-child\" data-id=\"4f4a13f\" data-element_type=\"container\" data-e-type=\"container\" data-settings=\"{&quot;ecs_container_type&quot;:&quot;flex&quot;}\">\n\t\t\t\t<div class=\"elementor-element elementor-element-4564754 elementor-widget__width-inherit elementor-widget elementor-widget-text-editor\" data-id=\"4564754\" data-element_type=\"widget\" data-e-type=\"widget\" data-widget_type=\"text-editor.default\">\n\t\t\t\t<div class=\"elementor-widget-container\">\n\t\t\t\t\t\t\t\t\t<p><em><span style=\"color: #44546a; font-size: 15px;\">Aucun syst\u00e8me ne peut, \u00e0 lui seul, assumer toute la responsabilit\u00e9 de l\u2019intervention en mati\u00e8re de mauvais traitements inflig\u00e9s aux enfants. Cette conf\u00e9rence d\u2019ouverture va au-del\u00e0 de la th\u00e9orie pour montrer \u00e0 quoi ressemble concr\u00e8tement une collaboration efficace entre les diff\u00e9rents syst\u00e8mes et pourquoi les efforts qu\u2019elle exige en valent la peine.<\/span><\/em><\/p><p><span style=\"color: #44546a; font-size: 15px;\">\u00ab Les mauvais traitements inflig\u00e9s aux enfants projettent une ombre qui s\u2019\u00e9tend sur toute une vie \u00bb, a d\u00e9clar\u00e9 Herbert Ward. Bien que l\u2019ampleur et la nature des mauvais traitements inflig\u00e9s aux enfants persistent, nos strat\u00e9gies professionnelles et nos protocoles d\u2019intervention peuvent continuer d\u2019\u00e9voluer afin de mieux soutenir les enfants et les familles qui doivent composer avec des syst\u00e8mes complexes \u00e0 ce qui est sans doute le moment le plus stressant de leur vie.\u00a0<\/span><\/p><p><span style=\"color: #44546a; font-size: 15px;\">Avec l\u2019utilisation croissante d\u2019outils tels que l\u2019entrevue judiciaire aupr\u00e8s des enfants et la nature collaborative des centres d\u2019appui aux enfants, il est essentiel, et plus pertinent que jamais, de comprendre et de mettre en \u0153uvre des pratiques normalis\u00e9es li\u00e9es \u00e0 ces ressources.\u00a0<\/span><\/p><p><span style=\"color: #44546a; font-size: 15px;\">Cynthia animera une s\u00e9ance sur les strat\u00e9gies de pratique tenant compte des traumatismes \u00e0 l\u2019intention des professionnels qui interviennent aupr\u00e8s d\u2019enfants victimes de mauvais traitements et de maltraitance, en mettant l\u2019accent sur leur application concr\u00e8te. Quels que soient le contexte g\u00e9ographique, le type de population desservie ou l\u2019acc\u00e8s aux ressources, ces principes s\u2019appliquent largement. Les participants repartiront avec des outils leur permettant d\u2019aborder diff\u00e9rents contextes d\u2019intervention avec comp\u00e9tence, afin de renforcer la rigueur des enqu\u00eates tout en r\u00e9duisant les r\u00e9percussions sur les enfants et les familles.<\/span><\/p>\t\t\t\t\t\t\t\t<\/div>\n\t\t\t\t<\/div>\n\t\t\t\t<\/div>\n\t\t\t\t\t<\/details>\n\t\t\t\t\t\t<details id=\"e-n-accordion-item-1931\" class=\"e-n-accordion-item\" >\n\t\t\t\t<summary class=\"e-n-accordion-item-title\" data-accordion-index=\"2\" tabindex=\"-1\" aria-expanded=\"false\" aria-controls=\"e-n-accordion-item-1931\" >\n\t\t\t\t\t<span class='e-n-accordion-item-title-header'><p class=\"e-n-accordion-item-title-text\"> <span style=\"color: #44546a;font-size: 14px\">Biographie de la personne conf\u00e9renci\u00e8re<\/span> <\/p><\/span>\n\t\t\t\t\t\t\t<span class='e-n-accordion-item-title-icon'>\n\t\t\t<span class='e-opened' ><i aria-hidden=\"true\" class=\"icon icon-down-arrow1\"><\/i><\/span>\n\t\t\t<span class='e-closed'><i aria-hidden=\"true\" class=\"icon icon-right-arrow1\"><\/i><\/span>\n\t\t<\/span>\n\n\t\t\t\t\t\t<\/summary>\n\t\t\t\t<div role=\"region\" aria-labelledby=\"e-n-accordion-item-1931\" class=\"elementor-element elementor-element-31a0a59 e-con-full e-ecs-flex e-flex e-con e-child\" data-id=\"31a0a59\" data-element_type=\"container\" data-e-type=\"container\" data-settings=\"{&quot;ecs_container_type&quot;:&quot;flex&quot;}\">\n\t\t\t\t<div class=\"elementor-element elementor-element-c60bb6b elementor-widget__width-inherit elementor-widget elementor-widget-text-editor\" data-id=\"c60bb6b\" data-element_type=\"widget\" data-e-type=\"widget\" data-widget_type=\"text-editor.default\">\n\t\t\t\t<div class=\"elementor-widget-container\">\n\t\t\t\t\t\t\t\t\t<p><span style=\"color: #44546a; font-size: 15px;\"><strong>Cynthia Ashe<\/strong> has been a member of the Royal Canadian Mounted Police for 14 years, working exclusively in child abuse investigations for many years and specializing in Child Forensic Interviews (CFI).<\/span><\/p><p><span style=\"color: #44546a; font-size: 15px;\">\u00a0Having completed nearly 1000 CFIs, Cynthia is a recognized expert and has been awarded for her work nominated in 2026 to the International Association of Women in Policing Leadership Award, receiving the Beverley MacLean Legacy Award, The McNeil Shield for Leadership and Excellence, the RCMP Veterans Association Community Service Award, and being named to Alexa\u2019s Team.\u00a0<\/span><\/p><p><span style=\"color: #44546a; font-size: 15px;\">She founded the Canadian Child Forensic Interview Practice Association and strives to enhance the integrity of child abuse investigations, while reducing the impact on children and families through the development and implementation of standardized trauma informed practice protocols across all partner agencies responding to child abuse.\u00a0<\/span><\/p><p><span style=\"color: #44546a; font-size: 15px;\">As a former paratrooper and veteran of Afghanistan, Cynthia has prioritized her own wellness and healing. She believes in sharing the weight of this work in ways that strengthen our collective sustainability and ability to serve our most vulnerable.\u00a0<\/span><\/p><p>\u00a0<\/p>\t\t\t\t\t\t\t\t<\/div>\n\t\t\t\t<\/div>\n\t\t\t\t<\/div>\n\t\t\t\t\t<\/details>\n\t\t\t\t\t<\/div>\n\t\t\t\t\t\t<\/div>\n\t\t\t\t<\/div>\n\t\t\t\t<\/div>\n\t\t<div data-dce-background-color=\"#F1F5F6\" class=\"elementor-element elementor-element-3780658 e-con-full e-ecs-flex e-flex e-con e-child\" data-id=\"3780658\" data-element_type=\"container\" data-e-type=\"container\" data-settings=\"{&quot;background_background&quot;:&quot;classic&quot;,&quot;ecs_container_type&quot;:&quot;flex&quot;}\">\n\t\t\t\t<div class=\"elementor-element elementor-element-3919e04 elementor-widget elementor-widget-heading\" data-id=\"3919e04\" data-element_type=\"widget\" data-e-type=\"widget\" data-widget_type=\"heading.default\">\n\t\t\t\t<div class=\"elementor-widget-container\">\n\t\t\t\t\t<h3 class=\"elementor-heading-title elementor-size-default\">Panel multidisciplinaire<\/h3>\t\t\t\t<\/div>\n\t\t\t\t<\/div>\n\t\t\t\t<div class=\"elementor-element elementor-element-3d2eff2 elementor-widget__width-inherit elementor-widget elementor-widget-text-editor\" data-id=\"3d2eff2\" data-element_type=\"widget\" data-e-type=\"widget\" data-widget_type=\"text-editor.default\">\n\t\t\t\t<div class=\"elementor-widget-container\">\n\t\t\t\t\t\t\t\t\t<p><strong><span style=\"font-size: 22px; color: #44546a;\">\u00c9tude de cas : La collaboration multidisciplinaire en pratique<\/span><\/strong><\/p>\t\t\t\t\t\t\t\t<\/div>\n\t\t\t\t<\/div>\n\t\t\t\t<div class=\"elementor-element elementor-element-64dafaf elementor-widget elementor-widget-n-accordion\" data-id=\"64dafaf\" data-element_type=\"widget\" data-e-type=\"widget\" data-settings=\"{&quot;default_state&quot;:&quot;all_collapsed&quot;,&quot;max_items_expended&quot;:&quot;multiple&quot;,&quot;n_accordion_animation_duration&quot;:{&quot;unit&quot;:&quot;ms&quot;,&quot;size&quot;:400,&quot;sizes&quot;:[]}}\" data-widget_type=\"nested-accordion.default\">\n\t\t\t\t<div class=\"elementor-widget-container\">\n\t\t\t\t\t\t\t<div class=\"e-n-accordion\" aria-label=\"Accordion. Open links with Enter or Space, close with Escape, and navigate with Arrow Keys\">\n\t\t\t\t\t\t<details id=\"e-n-accordion-item-1050\" class=\"e-n-accordion-item\" >\n\t\t\t\t<summary class=\"e-n-accordion-item-title\" data-accordion-index=\"1\" tabindex=\"0\" aria-expanded=\"false\" aria-controls=\"e-n-accordion-item-1050\" >\n\t\t\t\t\t<span class='e-n-accordion-item-title-header'><p class=\"e-n-accordion-item-title-text\"> <span style=\"color: #44546a;font-size: 14px\">Description de la s\u00e9ance<\/span> <\/p><\/span>\n\t\t\t\t\t\t\t<span class='e-n-accordion-item-title-icon'>\n\t\t\t<span class='e-opened' ><i aria-hidden=\"true\" class=\"icon icon-down-arrow1\"><\/i><\/span>\n\t\t\t<span class='e-closed'><i aria-hidden=\"true\" class=\"icon icon-right-arrow1\"><\/i><\/span>\n\t\t<\/span>\n\n\t\t\t\t\t\t<\/summary>\n\t\t\t\t<div role=\"region\" aria-labelledby=\"e-n-accordion-item-1050\" class=\"elementor-element elementor-element-c00fbb7 e-con-full e-ecs-flex e-flex e-con e-child\" data-id=\"c00fbb7\" data-element_type=\"container\" data-e-type=\"container\" data-settings=\"{&quot;ecs_container_type&quot;:&quot;flex&quot;}\">\n\t\t\t\t<div class=\"elementor-element elementor-element-dd00eed elementor-widget__width-inherit elementor-widget elementor-widget-text-editor\" data-id=\"dd00eed\" data-element_type=\"widget\" data-e-type=\"widget\" data-widget_type=\"text-editor.default\">\n\t\t\t\t<div class=\"elementor-widget-container\">\n\t\t\t\t\t\t\t\t\t<p><span style=\"font-size: 15px; color: #44546a;\">S\u2019appuyant sur les th\u00e8mes de la collaboration intersectorielle abord\u00e9s dans la pr\u00e9sentation principale, cette table ronde examinera une \u00e9tude de cas sous l\u2019angle de plusieurs syst\u00e8mes. En mettant en lumi\u00e8re les mandats, les approches et les processus d\u00e9cisionnels qui influencent un dossier \u00e0 chaque \u00e9tape, cette table ronde interactive fera ressortir les possibilit\u00e9s d\u2019am\u00e9liorer la qualit\u00e9 des interventions tout en soutenant les enfants et les jeunes survivants, ainsi que leurs familles, dans leur parcours \u00e0 travers des syst\u00e8mes complexes.<\/span><\/p>\t\t\t\t\t\t\t\t<\/div>\n\t\t\t\t<\/div>\n\t\t\t\t<\/div>\n\t\t\t\t\t<\/details>\n\t\t\t\t\t<\/div>\n\t\t\t\t\t\t<\/div>\n\t\t\t\t<\/div>\n\t\t\t\t<\/div>\n\t\t<div data-dce-background-color=\"#F1F5F6\" class=\"elementor-element elementor-element-506f6a7 e-con-full e-ecs-flex e-flex e-con e-child\" data-id=\"506f6a7\" data-element_type=\"container\" data-e-type=\"container\" data-settings=\"{&quot;background_background&quot;:&quot;classic&quot;,&quot;ecs_container_type&quot;:&quot;flex&quot;}\">\n\t\t\t\t<div class=\"elementor-element elementor-element-fccf938 elementor-widget elementor-widget-heading\" data-id=\"fccf938\" data-element_type=\"widget\" data-e-type=\"widget\" data-widget_type=\"heading.default\">\n\t\t\t\t<div class=\"elementor-widget-container\">\n\t\t\t\t\t<h3 class=\"elementor-heading-title elementor-size-default\">Katy Chisholm <span style=\"font-size: 18px;color: #44546a\">BSc.(Rec), CTRS <\/span><\/h3>\t\t\t\t<\/div>\n\t\t\t\t<\/div>\n\t\t\t\t<div class=\"elementor-element elementor-element-e5ebddf elementor-widget__width-inherit elementor-widget elementor-widget-text-editor\" data-id=\"e5ebddf\" data-element_type=\"widget\" data-e-type=\"widget\" data-widget_type=\"text-editor.default\">\n\t\t\t\t<div class=\"elementor-widget-container\">\n\t\t\t\t\t\t\t\t\t<p><span style=\"font-size: 15px; color: #6c8c9a;\">Gestionnaire de programme, Brigadoon Village<\/span><\/p><p><strong><span style=\"font-size: 22px; color: #44546a;\">Camp Hope : Aventure, connexion et gu\u00e9rison<\/span><\/strong><\/p>\t\t\t\t\t\t\t\t<\/div>\n\t\t\t\t<\/div>\n\t\t\t\t<div class=\"elementor-element elementor-element-b9158db elementor-widget elementor-widget-n-accordion\" data-id=\"b9158db\" data-element_type=\"widget\" data-e-type=\"widget\" data-settings=\"{&quot;default_state&quot;:&quot;all_collapsed&quot;,&quot;max_items_expended&quot;:&quot;multiple&quot;,&quot;n_accordion_animation_duration&quot;:{&quot;unit&quot;:&quot;ms&quot;,&quot;size&quot;:400,&quot;sizes&quot;:[]}}\" data-widget_type=\"nested-accordion.default\">\n\t\t\t\t<div class=\"elementor-widget-container\">\n\t\t\t\t\t\t\t<div class=\"e-n-accordion\" aria-label=\"Accordion. Open links with Enter or Space, close with Escape, and navigate with Arrow Keys\">\n\t\t\t\t\t\t<details id=\"e-n-accordion-item-1940\" class=\"e-n-accordion-item\" >\n\t\t\t\t<summary class=\"e-n-accordion-item-title\" data-accordion-index=\"1\" tabindex=\"0\" aria-expanded=\"false\" aria-controls=\"e-n-accordion-item-1940\" >\n\t\t\t\t\t<span class='e-n-accordion-item-title-header'><p class=\"e-n-accordion-item-title-text\"> <span style=\"color: #44546a;font-size: 14px\">Description de la s\u00e9ance<\/span> <\/p><\/span>\n\t\t\t\t\t\t\t<span class='e-n-accordion-item-title-icon'>\n\t\t\t<span class='e-opened' ><i aria-hidden=\"true\" class=\"icon icon-down-arrow1\"><\/i><\/span>\n\t\t\t<span class='e-closed'><i aria-hidden=\"true\" class=\"icon icon-right-arrow1\"><\/i><\/span>\n\t\t<\/span>\n\n\t\t\t\t\t\t<\/summary>\n\t\t\t\t<div role=\"region\" aria-labelledby=\"e-n-accordion-item-1940\" class=\"elementor-element elementor-element-d24a305 e-con-full e-ecs-flex e-flex e-con e-child\" data-id=\"d24a305\" data-element_type=\"container\" data-e-type=\"container\" data-settings=\"{&quot;ecs_container_type&quot;:&quot;flex&quot;}\">\n\t\t\t\t<div class=\"elementor-element elementor-element-7c89171 elementor-widget__width-inherit elementor-widget elementor-widget-text-editor\" data-id=\"7c89171\" data-element_type=\"widget\" data-e-type=\"widget\" data-widget_type=\"text-editor.default\">\n\t\t\t\t<div class=\"elementor-widget-container\">\n\t\t\t\t\t\t\t\t\t<p><span style=\"font-size: 15px; color: #44546a;\">Cette pr\u00e9sentation donnera un aper\u00e7u de Brigadoon Village et de l\u2019histoire de Camp Hope, un programme de camp familial destin\u00e9 aux enfants et aux jeunes touch\u00e9s par les abus sexuels, pr\u00e9sent\u00e9 en partenariat avec la GRC. Les participants d\u00e9couvriront le mod\u00e8le de l\u2019approche tenant compte des traumatismes du camp, notamment la fa\u00e7on dont les activit\u00e9s r\u00e9cr\u00e9atives, les liens entre pairs et la programmation de soutien favorisent la gu\u00e9rison et la r\u00e9silience. La s\u00e9ance pr\u00e9sentera \u00e9galement les commentaires des familles, les r\u00e9sultats de l\u2019\u00e9valuation et les principaux r\u00e9sultats qui t\u00e9moignent des retomb\u00e9es du programme sur le bien-\u00eatre, la confiance en soi et le sentiment de connexion.<\/span><\/p>\t\t\t\t\t\t\t\t<\/div>\n\t\t\t\t<\/div>\n\t\t\t\t<\/div>\n\t\t\t\t\t<\/details>\n\t\t\t\t\t\t<details id=\"e-n-accordion-item-1941\" class=\"e-n-accordion-item\" >\n\t\t\t\t<summary class=\"e-n-accordion-item-title\" data-accordion-index=\"2\" tabindex=\"-1\" aria-expanded=\"false\" aria-controls=\"e-n-accordion-item-1941\" >\n\t\t\t\t\t<span class='e-n-accordion-item-title-header'><p class=\"e-n-accordion-item-title-text\"> <span style=\"color: #44546a;font-size: 14px\">Biographie de la personne conf\u00e9renci\u00e8re<\/span> <\/p><\/span>\n\t\t\t\t\t\t\t<span class='e-n-accordion-item-title-icon'>\n\t\t\t<span class='e-opened' ><i aria-hidden=\"true\" class=\"icon icon-down-arrow1\"><\/i><\/span>\n\t\t\t<span class='e-closed'><i aria-hidden=\"true\" class=\"icon icon-right-arrow1\"><\/i><\/span>\n\t\t<\/span>\n\n\t\t\t\t\t\t<\/summary>\n\t\t\t\t<div role=\"region\" aria-labelledby=\"e-n-accordion-item-1941\" class=\"elementor-element elementor-element-ca808b2 e-con-full e-ecs-flex e-flex e-con e-child\" data-id=\"ca808b2\" data-element_type=\"container\" data-e-type=\"container\" data-settings=\"{&quot;ecs_container_type&quot;:&quot;flex&quot;}\">\n\t\t\t\t<div class=\"elementor-element elementor-element-a12f3b3 elementor-widget__width-inherit elementor-widget elementor-widget-text-editor\" data-id=\"a12f3b3\" data-element_type=\"widget\" data-e-type=\"widget\" data-widget_type=\"text-editor.default\">\n\t\t\t\t<div class=\"elementor-widget-container\">\n\t\t\t\t\t\t\t\t\t<p><span style=\"color: #44546a;\"><span style=\"font-size: 15px;\"><b>Katy Chisholm <\/b>(she\/her) is a Program Manager at Brigadoon Village. Brigadoon Village is a non-profit recreational facility on Aylesford Lake in the Annapolis Valley. With its partners, Brigadoon delivers year-round Camp programming to children, youth, and families living with health conditions or other life challenges in Atlantic Canada.\u00a0<\/span><\/span><\/p><p><span style=\"color: #44546a;\"><span style=\"font-size: 15px;\">As a Recreation Therapist, Katy is passionate about increasing accessibility for families to engage in meaningful recreation and leisure. Katy has a particular interest in outdoor recreation, and the positive impact these experiences have on well-being. Katy supports the development and delivery of Brigadoon&#8217;s family camp programs and year-round community-based outreach initiatives.<\/span><\/span><\/p>\t\t\t\t\t\t\t\t<\/div>\n\t\t\t\t<\/div>\n\t\t\t\t<\/div>\n\t\t\t\t\t<\/details>\n\t\t\t\t\t<\/div>\n\t\t\t\t\t\t<\/div>\n\t\t\t\t<\/div>\n\t\t\t\t<\/div>\n\t\t<div data-dce-background-color=\"#F1F5F6\" class=\"elementor-element elementor-element-03bc50a e-con-full e-ecs-flex e-flex e-con e-child\" data-id=\"03bc50a\" data-element_type=\"container\" data-e-type=\"container\" data-settings=\"{&quot;background_background&quot;:&quot;classic&quot;,&quot;ecs_container_type&quot;:&quot;flex&quot;}\">\n\t\t\t\t<div class=\"elementor-element elementor-element-bfd85b6 elementor-widget elementor-widget-heading\" data-id=\"bfd85b6\" data-element_type=\"widget\" data-e-type=\"widget\" data-widget_type=\"heading.default\">\n\t\t\t\t<div class=\"elementor-widget-container\">\n\t\t\t\t\t<h3 class=\"elementor-heading-title elementor-size-default\">Panel de jeunes<\/h3>\t\t\t\t<\/div>\n\t\t\t\t<\/div>\n\t\t\t\t<div class=\"elementor-element elementor-element-6896b3e elementor-widget__width-inherit elementor-widget elementor-widget-text-editor\" data-id=\"6896b3e\" data-element_type=\"widget\" data-e-type=\"widget\" data-widget_type=\"text-editor.default\">\n\t\t\t\t<div class=\"elementor-widget-container\">\n\t\t\t\t\t\t\t\t\t<p><strong><span style=\"font-size: 22px; color: #44546a;\"><i>Ce qui comptait pour moi :<\/i>r\u00e9flexions de jeunes<\/span><\/strong><\/p>\t\t\t\t\t\t\t\t<\/div>\n\t\t\t\t<\/div>\n\t\t\t\t<div class=\"elementor-element elementor-element-77d748a elementor-widget elementor-widget-n-accordion\" data-id=\"77d748a\" data-element_type=\"widget\" data-e-type=\"widget\" data-settings=\"{&quot;default_state&quot;:&quot;all_collapsed&quot;,&quot;max_items_expended&quot;:&quot;multiple&quot;,&quot;n_accordion_animation_duration&quot;:{&quot;unit&quot;:&quot;ms&quot;,&quot;size&quot;:400,&quot;sizes&quot;:[]}}\" data-widget_type=\"nested-accordion.default\">\n\t\t\t\t<div class=\"elementor-widget-container\">\n\t\t\t\t\t\t\t<div class=\"e-n-accordion\" aria-label=\"Accordion. Open links with Enter or Space, close with Escape, and navigate with Arrow Keys\">\n\t\t\t\t\t\t<details id=\"e-n-accordion-item-1250\" class=\"e-n-accordion-item\" >\n\t\t\t\t<summary class=\"e-n-accordion-item-title\" data-accordion-index=\"1\" tabindex=\"0\" aria-expanded=\"false\" aria-controls=\"e-n-accordion-item-1250\" >\n\t\t\t\t\t<span class='e-n-accordion-item-title-header'><p class=\"e-n-accordion-item-title-text\"> <span style=\"color: #44546a;font-size: 14px\">Description de la s\u00e9ance<\/span> <\/p><\/span>\n\t\t\t\t\t\t\t<span class='e-n-accordion-item-title-icon'>\n\t\t\t<span class='e-opened' ><i aria-hidden=\"true\" class=\"icon icon-down-arrow1\"><\/i><\/span>\n\t\t\t<span class='e-closed'><i aria-hidden=\"true\" class=\"icon icon-right-arrow1\"><\/i><\/span>\n\t\t<\/span>\n\n\t\t\t\t\t\t<\/summary>\n\t\t\t\t<div role=\"region\" aria-labelledby=\"e-n-accordion-item-1250\" class=\"elementor-element elementor-element-ff7d732 e-con-full e-ecs-flex e-flex e-con e-child\" data-id=\"ff7d732\" data-element_type=\"container\" data-e-type=\"container\" data-settings=\"{&quot;ecs_container_type&quot;:&quot;flex&quot;}\">\n\t\t\t\t<div class=\"elementor-element elementor-element-356a21e elementor-widget__width-inherit elementor-widget elementor-widget-text-editor\" data-id=\"356a21e\" data-element_type=\"widget\" data-e-type=\"widget\" data-widget_type=\"text-editor.default\">\n\t\t\t\t<div class=\"elementor-widget-container\">\n\t\t\t\t\t\t\t\t\t<p><span style=\"color: #44546a;\"><span style=\"font-size: 15px;\">\u00c9coutez des jeunes ayant une exp\u00e9rience v\u00e9cue qui partageront leurs r\u00e9flexions sur ce qu\u2019ils ont trouv\u00e9 le plus utile, le plus significatif ou le plus difficile dans leurs interactions avec nos diff\u00e9rents syst\u00e8mes, de diverses fa\u00e7ons. Les participants \u00e0 la conf\u00e9rence acquerront une meilleure compr\u00e9hension des r\u00e9sultats qui comptent le plus pour les jeunes, ainsi que des moyens de garder ces r\u00e9sultats au c\u0153ur de leur travail quotidien.<\/span><\/span><\/p>\t\t\t\t\t\t\t\t<\/div>\n\t\t\t\t<\/div>\n\t\t\t\t<\/div>\n\t\t\t\t\t<\/details>\n\t\t\t\t\t<\/div>\n\t\t\t\t\t\t<\/div>\n\t\t\t\t<\/div>\n\t\t\t\t<\/div>\n\t\t<div data-dce-background-color=\"#F1F5F6\" class=\"elementor-element elementor-element-40c07e1 e-con-full e-ecs-flex e-flex e-con e-child\" data-id=\"40c07e1\" data-element_type=\"container\" data-e-type=\"container\" data-settings=\"{&quot;background_background&quot;:&quot;classic&quot;,&quot;ecs_container_type&quot;:&quot;flex&quot;}\">\n\t\t\t\t<div class=\"elementor-element elementor-element-2ed13f6 elementor-widget elementor-widget-heading\" data-id=\"2ed13f6\" data-element_type=\"widget\" data-e-type=\"widget\" data-widget_type=\"heading.default\">\n\t\t\t\t<div class=\"elementor-widget-container\">\n\t\t\t\t\t<h3 class=\"elementor-heading-title elementor-size-default\">Skye Stephens, <span style=\"font-size: 18px;color: #44546a\">PhD., R.Psych<\/span><\/h3>\t\t\t\t<\/div>\n\t\t\t\t<\/div>\n\t\t\t\t<div class=\"elementor-element elementor-element-03ff4ff elementor-widget__width-inherit elementor-widget elementor-widget-text-editor\" data-id=\"03ff4ff\" data-element_type=\"widget\" data-e-type=\"widget\" data-widget_type=\"text-editor.default\">\n\t\t\t\t<div class=\"elementor-widget-container\">\n\t\t\t\t\t\t\t\t\t<p><span style=\"font-size: 15px; color: #6c8c9a;\">Professeure agr\u00e9g\u00e9e, D\u00e9partement de psychologie, Saint Mary\u2019s University<\/span><\/p><p><strong><span style=\"font-size: 22px; color: #44546a;\">Pr\u00e9venir l\u2019exploitation sexuelle des enfants avant qu\u2019elle ne survienne : le r\u00f4le \u00e9mergent des programmes de pr\u00e9vention de la perp\u00e9tration<\/span><\/strong><\/p>\t\t\t\t\t\t\t\t<\/div>\n\t\t\t\t<\/div>\n\t\t\t\t<div class=\"elementor-element elementor-element-1971fc1 elementor-widget elementor-widget-n-accordion\" data-id=\"1971fc1\" data-element_type=\"widget\" data-e-type=\"widget\" data-settings=\"{&quot;default_state&quot;:&quot;all_collapsed&quot;,&quot;max_items_expended&quot;:&quot;multiple&quot;,&quot;n_accordion_animation_duration&quot;:{&quot;unit&quot;:&quot;ms&quot;,&quot;size&quot;:400,&quot;sizes&quot;:[]}}\" data-widget_type=\"nested-accordion.default\">\n\t\t\t\t<div class=\"elementor-widget-container\">\n\t\t\t\t\t\t\t<div class=\"e-n-accordion\" aria-label=\"Accordion. Open links with Enter or Space, close with Escape, and navigate with Arrow Keys\">\n\t\t\t\t\t\t<details id=\"e-n-accordion-item-2660\" class=\"e-n-accordion-item\" >\n\t\t\t\t<summary class=\"e-n-accordion-item-title\" data-accordion-index=\"1\" tabindex=\"0\" aria-expanded=\"false\" aria-controls=\"e-n-accordion-item-2660\" >\n\t\t\t\t\t<span class='e-n-accordion-item-title-header'><p class=\"e-n-accordion-item-title-text\"> <span style=\"color: #44546a;font-size: 14px\">Description de la s\u00e9ance<\/span> <\/p><\/span>\n\t\t\t\t\t\t\t<span class='e-n-accordion-item-title-icon'>\n\t\t\t<span class='e-opened' ><i aria-hidden=\"true\" class=\"icon icon-down-arrow1\"><\/i><\/span>\n\t\t\t<span class='e-closed'><i aria-hidden=\"true\" class=\"icon icon-right-arrow1\"><\/i><\/span>\n\t\t<\/span>\n\n\t\t\t\t\t\t<\/summary>\n\t\t\t\t<div role=\"region\" aria-labelledby=\"e-n-accordion-item-2660\" class=\"elementor-element elementor-element-16fe3d8 e-con-full e-ecs-flex e-flex e-con e-child\" data-id=\"16fe3d8\" data-element_type=\"container\" data-e-type=\"container\" data-settings=\"{&quot;ecs_container_type&quot;:&quot;flex&quot;}\">\n\t\t\t\t<div class=\"elementor-element elementor-element-071c423 elementor-widget__width-inherit elementor-widget elementor-widget-text-editor\" data-id=\"071c423\" data-element_type=\"widget\" data-e-type=\"widget\" data-widget_type=\"text-editor.default\">\n\t\t\t\t<div class=\"elementor-widget-container\">\n\t\t\t\t\t\t\t\t\t<p><span style=\"color: #44546a;\"><span style=\"font-size: 15px;\">Online and other forms of child sexual exploitation and abuse (OCSEA) is a serious public health and child protection concern requiring coordinated efforts across multiple agencies, including child protection, law enforcement, healthcare, victim services, and community organizations. While much of the field has appropriately focused on tertiary prevention (i.e., after abuse has occurred) and initiatives focused on the prevention of victimization, there is growing recognition that preventing perpetration is also an important component of a public health approach aimed at OCSEA prevention.<\/span><\/span><\/p><p><span style=\"color: #44546a;\"><span style=\"font-size: 15px;\">This presentation will introduce a public health framework for OCSEA prevention, with a focus on preventing perpetration, which involves intervening with individuals at risk of OCSEA perpetration. It will review what is currently known about factors associated with OCSEA perpetration, emerging approaches to perpetration prevention, and evidence supporting perpetration prevention programs. The presentation will also consider important gaps and challenges in this developing area. Practical and ethical considerations will also be considered, including balancing legal obligations, confidentiality, risk management, and child safeguarding in the perpetration prevention space. There will be particular emphasis on the way in which perpetration prevention can complement, rather than replace, existing approaches.\u00a0<\/span><\/span><\/p><p><span style=\"color: #44546a;\"><span style=\"font-size: 15px;\">Participants will leave with a better understanding of factors associated with OCSEA perpetration, the role of perpetration prevention within a broader child protection framework, and resources and approaches for preventing the onset of OCSEA.<\/span><\/span><\/p><div>\u00a0<\/div>\t\t\t\t\t\t\t\t<\/div>\n\t\t\t\t<\/div>\n\t\t\t\t<\/div>\n\t\t\t\t\t<\/details>\n\t\t\t\t\t\t<details id=\"e-n-accordion-item-2661\" class=\"e-n-accordion-item\" >\n\t\t\t\t<summary class=\"e-n-accordion-item-title\" data-accordion-index=\"2\" tabindex=\"-1\" aria-expanded=\"false\" aria-controls=\"e-n-accordion-item-2661\" >\n\t\t\t\t\t<span class='e-n-accordion-item-title-header'><p class=\"e-n-accordion-item-title-text\"> <span style=\"color: #44546a;font-size: 14px\">Biographie de la personne conf\u00e9renci\u00e8re<\/span> <\/p><\/span>\n\t\t\t\t\t\t\t<span class='e-n-accordion-item-title-icon'>\n\t\t\t<span class='e-opened' ><i aria-hidden=\"true\" class=\"icon icon-down-arrow1\"><\/i><\/span>\n\t\t\t<span class='e-closed'><i aria-hidden=\"true\" class=\"icon icon-right-arrow1\"><\/i><\/span>\n\t\t<\/span>\n\n\t\t\t\t\t\t<\/summary>\n\t\t\t\t<div role=\"region\" aria-labelledby=\"e-n-accordion-item-2661\" class=\"elementor-element elementor-element-464a618 e-con-full e-ecs-flex e-flex e-con e-child\" data-id=\"464a618\" data-element_type=\"container\" data-e-type=\"container\" data-settings=\"{&quot;ecs_container_type&quot;:&quot;flex&quot;}\">\n\t\t\t\t<div class=\"elementor-element elementor-element-46318cb elementor-widget__width-inherit elementor-widget elementor-widget-text-editor\" data-id=\"46318cb\" data-element_type=\"widget\" data-e-type=\"widget\" data-widget_type=\"text-editor.default\">\n\t\t\t\t<div class=\"elementor-widget-container\">\n\t\t\t\t\t\t\t\t\t<p><span style=\"font-size: 15px; color: #44546a;\"><strong>Dr. Skye Stephens<\/strong> is an Associate Professor in the Department of Psychology at Saint Mary\u2019s University and a practicing Clinical and Forensic Psychologist in Nova Scotia. Her research focuses on the assessment and management of atypical sexual interests, sexual offending, and sexual violence perpetration prevention, with a particular emphasis on preventing the sexual exploitation of children. She also has an emerging research program focused on sexual exploitation of children in travel and tourism. Her recent work examines prevention programming for individuals at risk of sexual offending, including the co-development and evaluation of <em>Talking for Change<\/em>.\u00a0<\/span><\/p>\t\t\t\t\t\t\t\t<\/div>\n\t\t\t\t<\/div>\n\t\t\t\t<\/div>\n\t\t\t\t\t<\/details>\n\t\t\t\t\t<\/div>\n\t\t\t\t\t\t<\/div>\n\t\t\t\t<\/div>\n\t\t\t\t<\/div>\n\t\t<div data-dce-background-color=\"#F1F5F6\" class=\"elementor-element elementor-element-ff9f109 e-con-full e-ecs-flex e-flex e-con e-child\" data-id=\"ff9f109\" data-element_type=\"container\" data-e-type=\"container\" data-settings=\"{&quot;background_background&quot;:&quot;classic&quot;,&quot;ecs_container_type&quot;:&quot;flex&quot;}\">\n\t\t\t\t<div class=\"elementor-element elementor-element-dc64914 elementor-widget elementor-widget-heading\" data-id=\"dc64914\" data-element_type=\"widget\" data-e-type=\"widget\" data-widget_type=\"heading.default\">\n\t\t\t\t<div class=\"elementor-widget-container\">\n\t\t\t\t\t<h3 class=\"elementor-heading-title elementor-size-default\">Discussion et r\u00e9seautage<\/h3>\t\t\t\t<\/div>\n\t\t\t\t<\/div>\n\t\t\t\t<div class=\"elementor-element elementor-element-75db0f3 elementor-widget elementor-widget-n-accordion\" data-id=\"75db0f3\" data-element_type=\"widget\" data-e-type=\"widget\" data-settings=\"{&quot;default_state&quot;:&quot;all_collapsed&quot;,&quot;max_items_expended&quot;:&quot;multiple&quot;,&quot;n_accordion_animation_duration&quot;:{&quot;unit&quot;:&quot;ms&quot;,&quot;size&quot;:400,&quot;sizes&quot;:[]}}\" data-widget_type=\"nested-accordion.default\">\n\t\t\t\t<div class=\"elementor-widget-container\">\n\t\t\t\t\t\t\t<div class=\"e-n-accordion\" aria-label=\"Accordion. Open links with Enter or Space, close with Escape, and navigate with Arrow Keys\">\n\t\t\t\t\t\t<details id=\"e-n-accordion-item-1230\" class=\"e-n-accordion-item\" >\n\t\t\t\t<summary class=\"e-n-accordion-item-title\" data-accordion-index=\"1\" tabindex=\"0\" aria-expanded=\"false\" aria-controls=\"e-n-accordion-item-1230\" >\n\t\t\t\t\t<span class='e-n-accordion-item-title-header'><p class=\"e-n-accordion-item-title-text\"> <span style=\"color: #44546a;font-size: 14px\">Description de la s\u00e9ance<\/span> <\/p><\/span>\n\t\t\t\t\t\t\t<span class='e-n-accordion-item-title-icon'>\n\t\t\t<span class='e-opened' ><i aria-hidden=\"true\" class=\"icon icon-down-arrow1\"><\/i><\/span>\n\t\t\t<span class='e-closed'><i aria-hidden=\"true\" class=\"icon icon-right-arrow1\"><\/i><\/span>\n\t\t<\/span>\n\n\t\t\t\t\t\t<\/summary>\n\t\t\t\t<div role=\"region\" aria-labelledby=\"e-n-accordion-item-1230\" class=\"elementor-element elementor-element-7773465 e-con-full e-ecs-flex e-flex e-con e-child\" data-id=\"7773465\" data-element_type=\"container\" data-e-type=\"container\" data-settings=\"{&quot;ecs_container_type&quot;:&quot;flex&quot;}\">\n\t\t\t\t<div class=\"elementor-element elementor-element-9867f60 elementor-widget__width-inherit elementor-widget elementor-widget-text-editor\" data-id=\"9867f60\" data-element_type=\"widget\" data-e-type=\"widget\" data-widget_type=\"text-editor.default\">\n\t\t\t\t<div class=\"elementor-widget-container\">\n\t\t\t\t\t\t\t\t\t<p><span style=\"color: #44546a;\"><span style=\"font-size: 15px;\">\u00c9changez avec des participants provenant d\u2019autres secteurs afin de r\u00e9fl\u00e9chir et de discuter ensemble. Explorez les possibilit\u00e9s de cr\u00e9er des liens, d\u2019am\u00e9liorer les pratiques et de renforcer les interventions aupr\u00e8s des enfants et des jeunes ayant v\u00e9cu de la violence et des mauvais traitements.<\/span><\/span><\/p>\t\t\t\t\t\t\t\t<\/div>\n\t\t\t\t<\/div>\n\t\t\t\t<\/div>\n\t\t\t\t\t<\/details>\n\t\t\t\t\t<\/div>\n\t\t\t\t\t\t<\/div>\n\t\t\t\t<\/div>\n\t\t\t\t<\/div>\n\t\t\t\t<\/div>\n\t\t<div class=\"elementor-element elementor-element-64ed678 e-con-full e-ecs-flex e-flex e-con e-child\" data-id=\"64ed678\" data-element_type=\"container\" data-e-type=\"container\" data-settings=\"{&quot;ecs_container_type&quot;:&quot;flex&quot;}\">\n\t\t\t\t<div class=\"elementor-element elementor-element-66926ec elementor-widget elementor-widget-spacer\" data-id=\"66926ec\" data-element_type=\"widget\" data-e-type=\"widget\" data-widget_type=\"spacer.default\">\n\t\t\t\t<div class=\"elementor-widget-container\">\n\t\t\t\t\t\t\t<div class=\"elementor-spacer\">\n\t\t\t<div class=\"elementor-spacer-inner\"><\/div>\n\t\t<\/div>\n\t\t\t\t\t\t<\/div>\n\t\t\t\t<\/div>\n\t\t\t\t<div class=\"elementor-element elementor-element-49018fb elementor-widget__width-inherit elementor-widget elementor-widget-text-editor\" data-id=\"49018fb\" data-element_type=\"widget\" data-e-type=\"widget\" data-widget_type=\"text-editor.default\">\n\t\t\t\t<div class=\"elementor-widget-container\">\n\t\t\t\t\t\t\t\t\t<p>Full event schedule coming soon<\/p>\t\t\t\t\t\t\t\t<\/div>\n\t\t\t\t<\/div>\n\t\t\t\t<div class=\"elementor-element elementor-element-2821739 elementor-widget elementor-widget-text-editor\" data-id=\"2821739\" data-element_type=\"widget\" data-e-type=\"widget\" data-widget_type=\"text-editor.default\">\n\t\t\t\t<div class=\"elementor-widget-container\">\n\t\t\t\t\t\t\t\t\t<table style=\"width: 65%; max-width: 100%; margin: 0 auto; border-collapse: collapse; border: 0;\">\n<tbody>\n<tr>\n<td style=\"width: 18%; text-align: right; vertical-align: middle; padding: 6px 0; border: 0;\"><span style=\"font-size: 16px; color: #638d9c;\">8:45 am<\/span><\/td>\n<td style=\"width: 7%; text-align: center; vertical-align: middle; padding: 6px 0; border: 0; color: #344f5c;\">\u25cf<\/td>\n<td style=\"width: 75%; vertical-align: middle; padding: 6px 0; border: 0;\"><span style=\"font-size: 16px; color: #638d9c;\">Coffee &amp; registration<\/span><\/td>\n<\/tr>\n<tr>\n<td style=\"text-align: right; vertical-align: middle; padding: 6px 0; border: 0;\"><span style=\"font-size: 16px; color: #344f5c;\">9h 00<\/span><\/td>\n<td style=\"text-align: center; vertical-align: middle; padding: 6px 0; border: 0; color: #344f5c;\">\u25cf<\/td>\n<td style=\"vertical-align: middle; padding: 6px 0; border: 0;\"><strong style=\"font-size: 16px; color: #344f5c;\">Conference start<\/strong><\/td>\n<\/tr>\n<tr>\n<td style=\"text-align: right; vertical-align: middle; padding: 6px 0; border: 0;\"><\/td>\n<td style=\"text-align: center; vertical-align: middle; padding: 6px 0; border: 0; color: #344f5c;\">\u25cf<\/td>\n<td style=\"vertical-align: middle; padding: 6px 0; border: 0;\"><span style=\"font-size: 16px; color: #344f5c;\">Keynote presentation<\/span><\/td>\n<\/tr>\n<tr>\n<td style=\"text-align: right; vertical-align: middle; padding: 6px 0; border: 0;\"><\/td>\n<td style=\"text-align: center; vertical-align: middle; padding: 6px 0; border: 0; color: #344f5c;\">\u25cf<\/td>\n<td style=\"vertical-align: middle; padding: 6px 0; border: 0;\"><span style=\"font-size: 16px; color: #344f5c;\">Morning session<\/span><\/td>\n<\/tr>\n<tr>\n<td style=\"text-align: right; vertical-align: middle; padding: 6px 0; border: 0;\"><\/td>\n<td style=\"text-align: center; vertical-align: middle; padding: 6px 0; border: 0; color: #a1bac3;\">\u25cf<\/td>\n<td style=\"vertical-align: middle; padding: 6px 0; border: 0;\"><span style=\"font-size: 16px; color: #638d9c;\">D\u00eener<\/span><\/td>\n<\/tr>\n<tr>\n<td style=\"text-align: right; vertical-align: middle; padding: 6px 0; border: 0;\"><\/td>\n<td style=\"text-align: center; vertical-align: middle; padding: 6px 0; border: 0; color: #344f5c;\">\u25cf<\/td>\n<td style=\"vertical-align: middle; padding: 6px 0; border: 0;\"><span style=\"font-size: 16px; color: #344f5c;\">Afternoon sessions<\/span><\/td>\n<\/tr>\n<tr>\n<td style=\"text-align: right; vertical-align: middle; padding: 6px 0; border: 0;\"><\/td>\n<td style=\"text-align: center; vertical-align: middle; padding: 6px 0; border: 0; color: #344f5c;\">\u25cf<\/td>\n<td style=\"vertical-align: middle; padding: 6px 0; border: 0;\"><span style=\"font-size: 16px; color: #344f5c;\">Discussion et r\u00e9seautage intersectoriel<\/span><\/td>\n<\/tr>\n<tr>\n<td style=\"text-align: right; vertical-align: middle; padding: 6px 0; border: 0;\"><span style=\"font-size: 16px; color: #344f5c;\">16h 30<\/span><\/td>\n<td style=\"text-align: center; vertical-align: middle; padding: 6px 0; border: 0; color: #344f5c;\">\u25cf<\/td>\n<td style=\"vertical-align: middle; padding: 6px 0; border: 0;\"><span style=\"font-size: 16px; color: #344f5c; font-weight: bold;\">Conference end<\/span><\/td>\n<\/tr>\n<\/tbody>\n<\/table>\t\t\t\t\t\t\t\t<\/div>\n\t\t\t\t<\/div>\n\t\t\t\t<\/div>\n\t\t\t\t<div class=\"elementor-element elementor-element-8d0d192 elementor-widget elementor-widget-spacer\" data-id=\"8d0d192\" data-element_type=\"widget\" data-e-type=\"widget\" data-widget_type=\"spacer.default\">\n\t\t\t\t<div class=\"elementor-widget-container\">\n\t\t\t\t\t\t\t<div class=\"elementor-spacer\">\n\t\t\t<div class=\"elementor-spacer-inner\"><\/div>\n\t\t<\/div>\n\t\t\t\t\t\t<\/div>\n\t\t\t\t<\/div>\n\t\t\t\t<div class=\"elementor-element elementor-element-97fa81c elementor-align-center elementor-widget elementor-widget-button\" data-id=\"97fa81c\" data-element_type=\"widget\" data-e-type=\"widget\" data-widget_type=\"button.default\">\n\t\t\t\t<div class=\"elementor-widget-container\">\n\t\t\t\t\t\t\t\t\t<div class=\"elementor-button-wrapper\">\n\t\t\t\t\t<a class=\"elementor-button elementor-button-link elementor-size-sm\" href=\"https:\/\/www.eventbrite.com\/e\/2026-atlantic-cyac-multidisciplinary-conference-tickets-1998923017555\" target=\"_blank\">\n\t\t\t\t\t\t<span class=\"elementor-button-content-wrapper\">\n\t\t\t\t\t\t\t\t\t<span class=\"elementor-button-text\">INSCRIVEZ-VOUS<\/span>\n\t\t\t\t\t<\/span>\n\t\t\t\t\t<\/a>\n\t\t\t\t<\/div>\n\t\t\t\t\t\t\t\t<\/div>\n\t\t\t\t<\/div>\n\t\t\t\t<\/div>\n\t\t\t\t<\/div>\n\t\t<!-- dce invisible element 69ec548 --><div class=\"elementor-element elementor-element-2be25817 e-ecs-flex e-flex e-con-boxed e-con e-parent\" data-id=\"2be25817\" data-element_type=\"container\" data-e-type=\"container\" data-settings=\"{&quot;background_background&quot;:&quot;classic&quot;,&quot;ecs_container_type&quot;:&quot;flex&quot;}\">\n\t\t\t\t\t<div class=\"e-con-inner\">\n\t\t<div class=\"elementor-element elementor-element-632b0396 e-con-full e-ecs-flex e-flex e-con e-child\" data-id=\"632b0396\" data-element_type=\"container\" data-e-type=\"container\" data-settings=\"{&quot;background_background&quot;:&quot;classic&quot;,&quot;ecs_container_type&quot;:&quot;flex&quot;}\">\n\t\t\t\t<div class=\"elementor-element elementor-element-5095568b elementor-widget elementor-widget-spacer\" data-id=\"5095568b\" data-element_type=\"widget\" data-e-type=\"widget\" data-widget_type=\"spacer.default\">\n\t\t\t\t<div class=\"elementor-widget-container\">\n\t\t\t\t\t\t\t<div class=\"elementor-spacer\">\n\t\t\t<div class=\"elementor-spacer-inner\"><\/div>\n\t\t<\/div>\n\t\t\t\t\t\t<\/div>\n\t\t\t\t<\/div>\n\t\t\t\t<div class=\"elementor-element elementor-element-5d47a0d1 elementor-widget elementor-widget-heading\" data-id=\"5d47a0d1\" data-element_type=\"widget\" data-e-type=\"widget\" data-widget_type=\"heading.default\">\n\t\t\t\t<div class=\"elementor-widget-container\">\n\t\t\t\t\t<h3 class=\"elementor-heading-title elementor-size-default\">D\u00e9tails<\/h3>\t\t\t\t<\/div>\n\t\t\t\t<\/div>\n\t\t\t\t<div class=\"elementor-element elementor-element-255d6f2b elementor-widget elementor-widget-text-editor\" data-id=\"255d6f2b\" data-element_type=\"widget\" data-e-type=\"widget\" data-widget_type=\"text-editor.default\">\n\t\t\t\t<div class=\"elementor-widget-container\">\n\t\t\t\t\t\t\t\t\t<p><span style=\"font-weight: bold; font-size: 1rem;\">Inscription gratuite<\/span><\/p>\n<p class=\"translation-block\">Cette conf\u00e9rence est ouverte aux CAEJ de l\u2019Atlantique et \u00e0 leurs partenaires multidisciplinaires qui interviennent en r\u00e9ponse aux situations de violence et de maltraitance envers les enfants et les jeunes.<\/p><p><br><\/p>\n<p><strong>Options de participation hybride<\/strong><\/p>\n<p>Choisissez de participer \u00e0 la conf\u00e9rence <strong>en personne<\/strong> \u00e0 Halifax, en Nouvelle-\u00c9cosse, ou <strong>en ligne.<\/strong>.<\/p>\n<p>Pour la participation <strong>en personne<\/strong>, le nombre de places est limit\u00e9 et les inscriptions seront accept\u00e9es selon le principe du premier arriv\u00e9, premier servi. Afin de soutenir l\u2019objectif de la conf\u00e9rence en tant qu\u2019\u00e9v\u00e9nement multidisciplinaire, un nombre maximal de places peut \u00eatre attribu\u00e9 \u00e0 chacun des diff\u00e9rents secteurs multidisciplinaires. Les participants peuvent \u00eatre plac\u00e9s sur une liste d\u2019attente si le nombre de places attribu\u00e9es \u00e0 leur secteur est atteint.<\/p>\n<p>Il n\u2019y a aucune limite au nombre de participants <strong>en ligne. <\/strong>attendees.<\/p><p><br><\/p>\n<p><strong>Accessibilit\u00e9 linguistique<\/strong><\/p>\n<p><span style=\"background-color: transparent;\">Le contenu pr\u00e9sent\u00e9 oralement sera principalement en anglais, avec du mat\u00e9riel \u00e9crit bilingue. <\/span><\/p>\n<p><span style=\"font-size: 1rem;\">Une interpr\u00e9tation simultan\u00e9e en fran\u00e7ais sera offerte sur la diffusion en ligne de la conf\u00e9rence.<\/span><span style=\"background-color: transparent;\">&nbsp;<\/span><\/p>\n<p class=\"translation-block\">Pour les personnes participant en personne, du personnel bilingue sera disponible pour offrir du soutien aux participants francophones, notamment pour r\u00e9pondre aux questions et fournir des clarifications, y compris en interpr\u00e9tant au besoin les questions du fran\u00e7ais vers l\u2019anglais. Les personnes participant en personne qui souhaitent acc\u00e9der \u00e0 l\u2019interpr\u00e9tation simultan\u00e9e en fran\u00e7ais peuvent \u00e9galement apporter un appareil personnel et des \u00e9couteurs afin de se joindre \u00e0 la diffusion en ligne de la conf\u00e9rence.<\/p>\t\t\t\t\t\t\t\t<\/div>\n\t\t\t\t<\/div>\n\t\t\t\t<div class=\"elementor-element elementor-element-4321919 elementor-widget elementor-widget-text-editor\" data-id=\"4321919\" data-element_type=\"widget\" data-e-type=\"widget\" data-widget_type=\"text-editor.default\">\n\t\t\t\t<div class=\"elementor-widget-container\">\n\t\t\t\t\t\t\t\t\t<p>\u00a0<\/p><p>Nous remercions chaleureusement Justice Canada pour son soutien financier \u00e0 la tenue de cet \u00e9v\u00e9nement.<\/p>\t\t\t\t\t\t\t\t<\/div>\n\t\t\t\t<\/div>\n\t\t\t\t<\/div>\n\t\t\t\t\t<\/div>\n\t\t\t\t<\/div>\n\t\t<div class=\"elementor-element elementor-element-2abd494c e-ecs-flex e-flex e-con-boxed e-con e-parent\" data-id=\"2abd494c\" data-element_type=\"container\" data-e-type=\"container\" data-settings=\"{&quot;background_background&quot;:&quot;classic&quot;,&quot;ecs_container_type&quot;:&quot;flex&quot;}\">\n\t\t\t\t\t<div class=\"e-con-inner\">\n\t\t<div class=\"elementor-element elementor-element-4266ede1 e-con-full e-ecs-flex e-flex e-con e-child\" data-id=\"4266ede1\" data-element_type=\"container\" data-e-type=\"container\" data-settings=\"{&quot;background_background&quot;:&quot;classic&quot;,&quot;ecs_container_type&quot;:&quot;flex&quot;}\">\n\t\t\t\t<div class=\"elementor-element elementor-element-696f14f7 elementor-widget elementor-widget-heading\" data-id=\"696f14f7\" data-element_type=\"widget\" data-e-type=\"widget\" data-widget_type=\"heading.default\">\n\t\t\t\t<div class=\"elementor-widget-container\">\n\t\t\t\t\t<h3 class=\"elementor-heading-title elementor-size-default\">H\u00e9bergement<\/h3>\t\t\t\t<\/div>\n\t\t\t\t<\/div>\n\t\t\t\t<div class=\"elementor-element elementor-element-72a761bb elementor-widget elementor-widget-text-editor\" data-id=\"72a761bb\" data-element_type=\"widget\" data-e-type=\"widget\" data-widget_type=\"text-editor.default\">\n\t\t\t\t<div class=\"elementor-widget-container\">\n\t\t\t\t\t\t\t\t\t<p data-pm-slice=\"0 0 []\">Les personnes participant \u00e0 la conf\u00e9rence peuvent r\u00e9server leur s\u00e9jour \u00e0 l\u2019H\u00f4tel Delta Halifax \u00e0 un tarif r\u00e9duit de 249 $ par nuit. R\u00e9servez au lien ci-dessous.<\/p><p data-pm-slice=\"0 0 []\">La date limite pour r\u00e9server est le 8 septembre.<\/p>\t\t\t\t\t\t\t\t<\/div>\n\t\t\t\t<\/div>\n\t\t\t\t<div class=\"elementor-element elementor-element-21dbf51 elementor-align-left elementor-widget elementor-widget-button\" data-id=\"21dbf51\" data-element_type=\"widget\" data-e-type=\"widget\" data-widget_type=\"button.default\">\n\t\t\t\t<div class=\"elementor-widget-container\">\n\t\t\t\t\t\t\t\t\t<div class=\"elementor-button-wrapper\">\n\t\t\t\t\t<a class=\"elementor-button elementor-button-link elementor-size-sm\" href=\"https:\/\/www.marriott.com\/event-reservations\/reservation-link.mi?id=1782155271687&#038;key=GRP&#038;app=resvlink&#038;_branch_match_id=1598300266569425432&#038;_branch_referrer=H4sIAAAAAAAAA8soKSkottLXTywo0MtNLCrKzC8p0UvOz9UvSi0uy0wtN7IHytiCODmZedlqmSm2huYWRoampkbmhmYW5mrZqZW27kEBanVFqWmpQO156fFJRfnlxalFtq4p6akArOkzZF8AAAA%3D\" target=\"_blank\">\n\t\t\t\t\t\t<span class=\"elementor-button-content-wrapper\">\n\t\t\t\t\t\t\t\t\t<span class=\"elementor-button-text\">R\u00e9server l\u2019h\u00f4tel<\/span>\n\t\t\t\t\t<\/span>\n\t\t\t\t\t<\/a>\n\t\t\t\t<\/div>\n\t\t\t\t\t\t\t\t<\/div>\n\t\t\t\t<\/div>\n\t\t\t\t<\/div>\n\t\t\t\t<div class=\"elementor-element elementor-element-79b5e538 elementor-widget elementor-widget-spacer\" data-id=\"79b5e538\" data-element_type=\"widget\" data-e-type=\"widget\" data-widget_type=\"spacer.default\">\n\t\t\t\t<div class=\"elementor-widget-container\">\n\t\t\t\t\t\t\t<div class=\"elementor-spacer\">\n\t\t\t<div class=\"elementor-spacer-inner\"><\/div>\n\t\t<\/div>\n\t\t\t\t\t\t<\/div>\n\t\t\t\t<\/div>\n\t\t\t\t\t<\/div>\n\t\t\t\t<\/div>\n\t\t<div class=\"elementor-element elementor-element-5daf2b2 e-ecs-flex e-flex e-con-boxed e-con e-parent\" data-id=\"5daf2b2\" data-element_type=\"container\" data-e-type=\"container\" data-settings=\"{&quot;background_background&quot;:&quot;classic&quot;,&quot;ecs_container_type&quot;:&quot;flex&quot;}\">\n\t\t\t\t\t<div class=\"e-con-inner\">\n\t\t<div class=\"elementor-element elementor-element-a2fd27 e-con-full e-ecs-flex e-flex e-con e-child\" data-id=\"a2fd27\" data-element_type=\"container\" data-e-type=\"container\" data-settings=\"{&quot;ecs_container_type&quot;:&quot;flex&quot;}\">\n\t\t<div class=\"elementor-element elementor-element-53235e1d e-con-full e-ecs-flex e-flex e-con e-child\" data-id=\"53235e1d\" data-element_type=\"container\" data-e-type=\"container\" data-settings=\"{&quot;ecs_container_type&quot;:&quot;flex&quot;}\">\n\t\t<div class=\"elementor-element elementor-element-63f3031b e-con-full e-ecs-flex e-flex e-con e-child\" data-id=\"63f3031b\" data-element_type=\"container\" data-e-type=\"container\" data-settings=\"{&quot;ecs_container_type&quot;:&quot;flex&quot;}\">\n\t\t\t\t<\/div>\n\t\t\t\t<\/div>\n\t\t\t\t<\/div>\n\t\t<div class=\"elementor-element elementor-element-524040ef e-con-full e-ecs-flex e-flex e-con e-child\" data-id=\"524040ef\" data-element_type=\"container\" data-e-type=\"container\" data-settings=\"{&quot;ecs_container_type&quot;:&quot;flex&quot;}\">\n\t\t<div class=\"elementor-element elementor-element-3f19cd6c e-con-full e-ecs-flex e-flex e-con e-child\" data-id=\"3f19cd6c\" data-element_type=\"container\" data-e-type=\"container\" data-settings=\"{&quot;ecs_container_type&quot;:&quot;flex&quot;}\">\n\t\t\t\t<div class=\"elementor-element elementor-element-3569163f dce_masking-none elementor-widget elementor-widget-image\" data-id=\"3569163f\" data-element_type=\"widget\" data-e-type=\"widget\" data-widget_type=\"image.default\">\n\t\t\t\t<div class=\"elementor-widget-container\">\n\t\t\t\t\t\t\t\t\t\t\t\t\t\t\t<img decoding=\"async\" width=\"93\" height=\"45\" src=\"https:\/\/acyacn-racaej.ca\/wp-content\/uploads\/2025\/03\/Group-73.svg\" class=\"attachment-large size-large wp-image-86\" alt=\"\" \/>\t\t\t\t\t\t\t\t\t\t\t\t\t\t\t<\/div>\n\t\t\t\t<\/div>\n\t\t<div class=\"elementor-element elementor-element-1f0bef0d e-con-full e-ecs-flex e-flex e-con e-child\" data-id=\"1f0bef0d\" data-element_type=\"container\" data-e-type=\"container\" data-settings=\"{&quot;ecs_container_type&quot;:&quot;flex&quot;}\">\n\t\t\t\t<div class=\"elementor-element elementor-element-4a15202b elementor-widget elementor-widget-heading\" data-id=\"4a15202b\" data-element_type=\"widget\" data-e-type=\"widget\" data-widget_type=\"heading.default\">\n\t\t\t\t<div class=\"elementor-widget-container\">\n\t\t\t\t\t<h2 class=\"elementor-heading-title elementor-size-default\"><span style=\"font-size: 30.6px\">Joignez-vous \u00e0 nous le mardi 6 octobre 2026 !<\/span><\/h2>\t\t\t\t<\/div>\n\t\t\t\t<\/div>\n\t\t\t\t<\/div>\n\t\t\t\t<\/div>\n\t\t\t\t<\/div>\n\t\t<div class=\"elementor-element elementor-element-67bebf52 e-con-full e-ecs-flex e-flex e-con e-child\" data-id=\"67bebf52\" data-element_type=\"container\" data-e-type=\"container\" data-settings=\"{&quot;ecs_container_type&quot;:&quot;flex&quot;}\">\n\t\t<div class=\"elementor-element elementor-element-3afa92a6 e-con-full e-ecs-flex e-flex e-con e-child\" data-id=\"3afa92a6\" data-element_type=\"container\" data-e-type=\"container\" data-settings=\"{&quot;background_background&quot;:&quot;classic&quot;,&quot;ecs_container_type&quot;:&quot;flex&quot;}\">\n\t\t\t\t<div class=\"elementor-element elementor-element-5d2d35b8 elementor-widget elementor-widget-shortcode\" data-id=\"5d2d35b8\" data-element_type=\"widget\" data-e-type=\"widget\" data-widget_type=\"shortcode.default\">\n\t\t\t\t<div class=\"elementor-widget-container\">\n\t\t\t\t\t\t\t<div class=\"elementor-shortcode\">        <div id=\"countdown\" data-event-time=\"1791277200\" style=\"display: flex; gap: 10px;\">\r\n            <div class=\"count-item\"><span id=\"days\">0<\/span> jours<\/div>\r\n\t\t\t<div class=\"count-spacer\">\r\n\t\t\t\t\r\n\t\t\t<\/div>\r\n            <div class=\"count-item\"><span id=\"hours\">0<\/span> heures<\/div>\r\n\t\t\t<div class=\"count-spacer\">\r\n\t\t\t\t\r\n\t\t\t<\/div>\r\n            <div class=\"count-item\"><span id=\"minutes\">0<\/span> minutes<\/div>\r\n\t\t\t<div class=\"count-spacer\">\r\n\t\t\t\t\r\n\t\t\t<\/div>\r\n            <div class=\"count-item\"><span id=\"seconds\">0<\/span> secondes<\/div>\r\n        <\/div>\r\n\r\n        <script>\r\n        document.addEventListener('DOMContentLoaded', function () {\r\n            const countdown = document.getElementById('countdown');\r\n            const eventTime = parseInt(countdown.getAttribute('data-event-time')) * 1000;\r\n\r\n            function updateCountdown() {\r\n                const now = new Date().getTime();\r\n                const distance = eventTime - now;\r\n\r\n                if (distance <= 0) {\r\n                    countdown.innerHTML = \"<div>The event has started!<\/div>\";\r\n                    return;\r\n                }\r\n\r\n                const days = Math.floor(distance \/ (1000 * 60 * 60 * 24));\r\n                const hours = Math.floor((distance % (1000 * 60 * 60 * 24)) \/ (1000 * 60 * 60));\r\n                const minutes = Math.floor((distance % (1000 * 60 * 60)) \/ (1000 * 60));\r\n                const seconds = Math.floor((distance % (1000 * 60)) \/ 1000);\r\n\r\n                document.getElementById('days').innerText = days;\r\n                document.getElementById('hours').innerText = hours;\r\n                document.getElementById('minutes').innerText = minutes;\r\n                document.getElementById('seconds').innerText = seconds;\r\n            }\r\n\r\n            updateCountdown();\r\n            setInterval(updateCountdown, 1000);\r\n        });\r\n        <\/script>\r\n        <\/div>\n\t\t\t\t\t\t<\/div>\n\t\t\t\t<\/div>\n\t\t\t\t<\/div>\n\t\t\t\t<\/div>\n\t\t\t\t\t<\/div>\n\t\t\t\t<\/div>\n\t\t<div class=\"elementor-element elementor-element-81a6a4a e-ecs-flex e-flex e-con-boxed e-con e-parent\" data-id=\"81a6a4a\" data-element_type=\"container\" data-e-type=\"container\" data-settings=\"{&quot;ecs_container_type&quot;:&quot;flex&quot;}\">\n\t\t\t\t\t<div class=\"e-con-inner\">\n\t\t\t\t\t<\/div>\n\t\t\t\t<\/div>\n\t\t<div class=\"elementor-element elementor-element-4c1f402 e-ecs-flex e-flex e-con-boxed e-con e-parent\" data-id=\"4c1f402\" data-element_type=\"container\" data-e-type=\"container\" data-settings=\"{&quot;ecs_container_type&quot;:&quot;flex&quot;}\">\n\t\t\t\t\t<div class=\"e-con-inner\">\n\t\t\t\t\t<\/div>\n\t\t\t\t<\/div>\n\t\t\t\t<\/div>","protected":false},"excerpt":{"rendered":"<p>Register now REGISTER NOW 2026 Atlantic CYACMultidisciplinaryConference Tuesday October 6, 2026 Delta Halifax Hotel Halifax, NS Hybrid in-person\/virtual The Atlantic CYAC Network is excited to welcome you to Halifax, Nova Scotia for our annual multidisciplinary conference! The Atlantic CYAC Network brings together Child and Youth Advocacy Centres and their multidisciplinary partners to strengthen connections, share [&hellip;]<\/p>","protected":false},"author":4,"featured_media":0,"parent":0,"menu_order":0,"comment_status":"closed","ping_status":"closed","template":"","meta":{"_acf_changed":false,"inline_featured_image":false,"footnotes":""},"class_list":["post-1417","page","type-page","status-publish","hentry"],"acf":[],"_links":{"self":[{"href":"https:\/\/acyacn-racaej.ca\/fr\/wp-json\/wp\/v2\/pages\/1417","targetHints":{"allow":["GET"]}}],"collection":[{"href":"https:\/\/acyacn-racaej.ca\/fr\/wp-json\/wp\/v2\/pages"}],"about":[{"href":"https:\/\/acyacn-racaej.ca\/fr\/wp-json\/wp\/v2\/types\/page"}],"author":[{"embeddable":true,"href":"https:\/\/acyacn-racaej.ca\/fr\/wp-json\/wp\/v2\/users\/4"}],"replies":[{"embeddable":true,"href":"https:\/\/acyacn-racaej.ca\/fr\/wp-json\/wp\/v2\/comments?post=1417"}],"version-history":[{"count":109,"href":"https:\/\/acyacn-racaej.ca\/fr\/wp-json\/wp\/v2\/pages\/1417\/revisions"}],"predecessor-version":[{"id":1575,"href":"https:\/\/acyacn-racaej.ca\/fr\/wp-json\/wp\/v2\/pages\/1417\/revisions\/1575"}],"wp:attachment":[{"href":"https:\/\/acyacn-racaej.ca\/fr\/wp-json\/wp\/v2\/media?parent=1417"}],"curies":[{"name":"wp","href":"https:\/\/api.w.org\/{rel}","templated":true}]}}